{"id":53,"date":"2024-12-18T08:41:04","date_gmt":"2024-12-18T07:41:04","guid":{"rendered":"https:\/\/quellwasser-verlag.de\/?page_id=53"},"modified":"2024-12-20T01:51:01","modified_gmt":"2024-12-20T00:51:01","slug":"buecher","status":"publish","type":"page","link":"https:\/\/quellwasser-verlag.de\/?page_id=53","title":{"rendered":"B\u00fccher"},"content":{"rendered":"<p>[et_pb_section fb_built=&#8221;1&#8243; _builder_version=&#8221;4.27.4&#8243; _module_preset=&#8221;default&#8221; background_color=&#8221;#0060ad&#8221; global_colors_info=&#8221;{}&#8221;][et_pb_row column_structure=&#8221;2_5,3_5&#8243; _builder_version=&#8221;4.27.4&#8243; _module_preset=&#8221;default&#8221; global_colors_info=&#8221;{}&#8221;][et_pb_column type=&#8221;2_5&#8243; _builder_version=&#8221;4.27.4&#8243; _module_preset=&#8221;default&#8221; global_colors_info=&#8221;{}&#8221;][et_pb_image src=&#8221;https:\/\/quellwasser-verlag.de\/wp-content\/uploads\/2024\/12\/Cover_Wenn-der-Tod.jpg&#8221; alt=&#8221;Cover von %22Wenn der Tod anklopft%22.&#8221; title_text=&#8221;Cover_Wenn-der-Tod&#8221; _builder_version=&#8221;4.27.4&#8243; _module_preset=&#8221;default&#8221; border_width_all=&#8221;1px&#8221; global_colors_info=&#8221;{}&#8221;][\/et_pb_image][\/et_pb_column][et_pb_column type=&#8221;3_5&#8243; _builder_version=&#8221;4.27.4&#8243; _module_preset=&#8221;default&#8221; global_colors_info=&#8221;{}&#8221;][et_pb_text _builder_version=&#8221;4.27.4&#8243; _module_preset=&#8221;default&#8221; text_text_color=&#8221;#FFFFFF&#8221; header_font=&#8221;|700|||||||&#8221; header_text_color=&#8221;#FFFFFF&#8221; header_line_height=&#8221;1.4em&#8221; header_2_text_color=&#8221;#FFFFFF&#8221; header_2_line_height=&#8221;1.4em&#8221; header_3_font=&#8221;||on||||||&#8221; header_3_text_color=&#8221;#FFFFFF&#8221; global_colors_info=&#8221;{}&#8221;]<\/p>\n<h1>\u00a0Wenn der Tod anklopft sieht man die Sterne in der Nacht.<\/h1>\n<h2>Reflexionen \u00fcber Leben und Sterben.<\/h2>\n<h3>Von Florian A. Gebler<\/h3>\n<p>&nbsp;<\/p>\n<p>Wenn der Tod an die T\u00fcr klopft, \u00f6ffnet sich ein Weg zu einer tiefen Auseinandersetzung mit ihm, mit seiner bedrohlichen Dunkelheit, aber auch mit dem Licht, das durch diese Dunkelheit scheint. Dieses Buch handelt von der M\u00f6glichkeit der Heilung angesichts des Todes. Es m\u00f6chte Mut machen, sich dem Tod zu \u00f6ffnen und ihn in das Leben zu integrieren, um das Leben zu bereichern. Denn sich Gedanken \u00fcber den Tod zu machen, bedeutet, sich wesentliche Fragen \u00fcber das Leben zu stellen. Dieses Buch nimmt die Leser mit auf meine pers\u00f6nliche Reise, auf meine Suche nach Antworten, nach Heilung, nach Sinn und Verbundenheit. Mein Buch handelt von den Sternen, weniger von der Nacht. Ein Bewusstsein um den eigenen Tod hat das Potenzial, das Leben positiv zu ver\u00e4ndern, vielleicht sogar Ver\u00e4nderungen in der Gesellschaft zu bewirken. Ein Buch f\u00fcr all jene, die sich Gedanken \u00fcber das Leben machen.\u00a0<\/p>\n<p>Das Buch geht weit \u00fcber die pers\u00f6nliche Geschichte hinaus: Es ermutigt zu einer neuen Haltung gegen\u00fcber Leben und Tod. Es zeigt, dass die bewusste Auseinandersetzung mit der Endlichkeit eine transformative Kraft besitzt \u2013 f\u00fcr Einzelne ebenso wie f\u00fcr die Gesellschaft.\u00a0<\/p>\n<p>authentisch &#8211; mutig &#8211; inspirierend<\/p>\n<p>[\/et_pb_text][\/et_pb_column][\/et_pb_row][et_pb_row column_structure=&#8221;1_2,1_2&#8243; _builder_version=&#8221;4.27.4&#8243; _module_preset=&#8221;default&#8221; global_colors_info=&#8221;{}&#8221;][et_pb_column type=&#8221;1_2&#8243; _builder_version=&#8221;4.27.4&#8243; _module_preset=&#8221;default&#8221; global_colors_info=&#8221;{}&#8221;][et_pb_text _builder_version=&#8221;4.27.4&#8243; _module_preset=&#8221;default&#8221; text_text_color=&#8221;#FFFFFF&#8221; header_4_text_color=&#8221;#FFFFFF&#8221; header_5_text_color=&#8221;#FFFFFF&#8221; global_colors_info=&#8221;{}&#8221;]<\/p>\n<h4>Print<\/h4>\n<ul>\n<li><strong>ISBN:<\/strong> 978-3-939641-04-9<\/li>\n<li><strong>Format:<\/strong> Hardcover<\/li>\n<li><strong>Seitenanzahl:<\/strong> 128<\/li>\n<li><strong>Preis:<\/strong> 19,99 EUR<\/li>\n<li>Jahr der Ver\u00f6ffentlichung: 2024<\/li>\n<\/ul>\n<h5><\/h5>\n<h5><span style=\"font-size: 16px;\">Am besten bei ihrer Buchhandlung vor Ort,<\/span><\/h5>\n<h5>oder online wie z.B.<\/h5>\n<ul>\n<li><span style=\"color: #ffffff;\"><a href=\"https:\/\/buchshop.bod.de\/wenn-der-tod-anklopft-sieht-man-die-sterne-in-der-nacht-florian-a-gebler-9783939641049\" target=\"_blank\" rel=\"noopener\" title=\"Link zum BoD-Buch-Shop\" style=\"color: #ffffff;\">BoD<\/a><\/span><\/li>\n<li><span style=\"color: #ffffff;\"><a href=\"https:\/\/www.amazon.de\/Wenn-anklopft-sieht-Sterne-Nacht\/dp\/3939641049\/ref=tmm_hrd_swatch_0?_encoding=UTF8&amp;dib_tag=se&amp;dib=eyJ2IjoiMSJ9.uZ8pHVPW8X_eEA1mCLPUgXr6IbvN3_HGioD-Dp2I2rrUecpeMcEmeaj_KRs3OGmVJlntq-MuwEgUW-lKUBV073txMSaVh6FzNuSNqzPdLddMQvn1pCVWOyleEJYp7mT8C2aHcnkg9fmr2Ddgfbtr_Ic9i0jwGQ4UjWmulzQ9Q4RDAKuWO4xj3Lg3V0YpT-mHApLXymb4oY2YfqLUQs0bwivE9eVgJr3ugayr4npPVgI.Zy_CiHjAcz2sJ-uC1ln-eh8OVFhWWSGW5AJgb6MPbOU&amp;qid=1734463496&amp;sr=8-1\" target=\"_blank\" rel=\"noopener\" title=\"Link zur Printausgabe bei Amazon\" style=\"color: #ffffff;\">Amazon<\/a><\/span><\/li>\n<li><span style=\"color: #ffffff;\"><a href=\"https:\/\/www.buecher.de\/artikel\/buch\/wenn-der-tod-anklopft-sieht-man-die-sterne-in-der-nacht\/72087173\/\" target=\"_blank\" rel=\"noopener\" title=\"Link zur Printausgabe \u00fcber B\u00fccher.de\" style=\"color: #ffffff;\">B\u00fccher.de<\/a><\/span><\/li>\n<li><span style=\"color: #ffffff;\"><a href=\"https:\/\/www.thalia.de\/shop\/home\/artikeldetails\/A1073511491\" target=\"_blank\" rel=\"noopener\" title=\"Link zur Printausgabe bei Thalia\" style=\"color: #ffffff;\">Thalia<\/a><\/span><\/li>\n<li><span style=\"color: #ffffff;\"><a href=\"https:\/\/buch24.de\/shopdirekt.cgi?sessionid=1734464324-355940571&amp;id=39739091&amp;p=3&amp;sid=&amp;static=0&amp;nav=\" target=\"_blank\" rel=\"noopener\" title=\"Link zur Printausgabe bei Buch24.de\" style=\"color: #ffffff;\">Buch24.de<\/a><\/span><\/li>\n<li><span style=\"color: #ffffff;\"><a href=\"https:\/\/www.hugendubel.de\/de\/buch_gebunden\/florian_a_gebler-wenn_der_tod_anklopft_sieht_man_die_sterne_in_der_nacht-49374909-produkt-details.html\" target=\"_blank\" rel=\"noopener\" title=\"Link zur Printausgabe bei Hugendubel\" style=\"color: #ffffff;\">Hugendubel<\/a><\/span><\/li>\n<\/ul>\n<p>[\/et_pb_text][\/et_pb_column][et_pb_column type=&#8221;1_2&#8243; _builder_version=&#8221;4.27.4&#8243; _module_preset=&#8221;default&#8221; global_colors_info=&#8221;{}&#8221;][et_pb_text _builder_version=&#8221;4.27.4&#8243; _module_preset=&#8221;default&#8221; text_text_color=&#8221;#FFFFFF&#8221; header_4_text_color=&#8221;#FFFFFF&#8221; header_5_text_color=&#8221;#FFFFFF&#8221; global_colors_info=&#8221;{}&#8221;]<\/p>\n<h4>E-Book<\/h4>\n<ul>\n<li><strong>ISBN:<\/strong> 978-3-939641-13-1<\/li>\n<li><strong>Format:<\/strong> EPUP<\/li>\n<li><strong>Dateigr\u00f6\u00dfe:<\/strong> 463 KB<\/li>\n<li><strong>Preis:<\/strong> 9,99 EUR<\/li>\n<li>Jahr der Ver\u00f6ffentlichung: 2024<\/li>\n<\/ul>\n<h5><\/h5>\n<h5>Erh\u00e4ltlich \u00fcberall im Buchhandel, wie z.B.<\/h5>\n<ul>\n<li><span style=\"color: #ffffff;\"><a href=\"https:\/\/buchshop.bod.de\/wenn-der-tod-anklopft-sieht-man-die-sterne-in-der-nacht-florian-a-gebler-9783939641131\" target=\"_blank\" rel=\"noopener\" title=\"Link zum E-Book \u00fcber BoD\" style=\"color: #ffffff;\">BoD<\/a><\/span><\/li>\n<li><span style=\"color: #ffffff;\"><a href=\"https:\/\/www.amazon.de\/Wenn-anklopft-sieht-Sterne-Nacht-ebook\/dp\/B0DPGNVJB5\/ref=tmm_kin_swatch_0?_encoding=UTF8&amp;dib_tag=se&amp;dib=eyJ2IjoiMSJ9.uZ8pHVPW8X_eEA1mCLPUgXr6IbvN3_HGioD-Dp2I2rrUecpeMcEmeaj_KRs3OGmVJlntq-MuwEgUW-lKUBV073txMSaVh6FzNuSNqzPdLddMQvn1pCVWOyleEJYp7mT8C2aHcnkg9fmr2Ddgfbtr_Ic9i0jwGQ4UjWmulzQ9Q4RDAKuWO4xj3Lg3V0YpT-mHApLXymb4oY2YfqLUQs0bwivE9eVgJr3ugayr4npPVgI.Zy_CiHjAcz2sJ-uC1ln-eh8OVFhWWSGW5AJgb6MPbOU&amp;qid=1734463496&amp;sr=8-1\" target=\"_blank\" rel=\"noopener\" title=\"Link zum E-Book \u00fcber Amazon\" style=\"color: #ffffff;\">Amazon<\/a><\/span><\/li>\n<li><span style=\"color: #ffffff;\"><a href=\"https:\/\/www.thalia.de\/shop\/home\/artikeldetails\/A1073702016\" target=\"_blank\" rel=\"noopener\" title=\"Link zum E-Book \u00fcber Thalia\" style=\"color: #ffffff;\">Thalia<\/a><\/span><\/li>\n<li><span style=\"color: #ffffff;\"><a href=\"https:\/\/www.ebook.de\/de\/product\/49523950\/florian_a_gebler_wenn_der_tod_anklopft_sieht_man_die_sterne_in_der_nacht.html\" target=\"_blank\" rel=\"noopener\" title=\"Link zum E-Book \u00fcber eBook.de\" style=\"color: #ffffff;\">eBook.de<\/a><\/span><\/li>\n<li><span style=\"color: #ffffff;\"><a href=\"https:\/\/www.buecher.de\/artikel\/ebook\/wenn-der-tod-anklopft-sieht-man-die-sterne-in-der-nacht-ebook-epub\/72484864\/\" target=\"_blank\" rel=\"noopener\" title=\"Link zum E-Book \u00fcber B\u00fccher.de\" style=\"color: #ffffff;\">B\u00fccher.de<\/a><\/span><\/li>\n<li><span style=\"color: #ffffff;\"><a href=\"https:\/\/buch24.de\/shopdirekt.cgi?sessionid=1734464324-355940571&amp;id=39853805&amp;p=3&amp;t=&amp;h=&amp;kid=0&amp;klid=2&amp;sid=35\" target=\"_blank\" rel=\"noopener\" title=\"Link zum E-Book \u00fcber Buch24.de\" style=\"color: #ffffff;\">Buch24.de<\/a><\/span><\/li>\n<li><span style=\"color: #ffffff;\"><a href=\"https:\/\/www.hugendubel.de\/de\/ebook_epub\/florian_a_gebler-wenn_der_tod_anklopft_sieht_man_die_sterne_in_der_nacht-49523950-produkt-details.html\" target=\"_blank\" rel=\"noopener\" title=\"Link zum E-Book \u00fcber Hugendubel\" style=\"color: #ffffff;\">Hugendubel<\/a><\/span><\/li>\n<\/ul>\n<p>[\/et_pb_text][\/et_pb_column][\/et_pb_row][\/et_pb_section][et_pb_section fb_built=&#8221;1&#8243; _builder_version=&#8221;4.27.4&#8243; _module_preset=&#8221;default&#8221; global_colors_info=&#8221;{}&#8221;][et_pb_row column_structure=&#8221;2_5,3_5&#8243; _builder_version=&#8221;4.27.4&#8243; _module_preset=&#8221;default&#8221; global_colors_info=&#8221;{}&#8221;][et_pb_column type=&#8221;2_5&#8243; _builder_version=&#8221;4.27.4&#8243; _module_preset=&#8221;default&#8221; global_colors_info=&#8221;{}&#8221;][et_pb_image src=&#8221;https:\/\/quellwasser-verlag.de\/wp-content\/uploads\/2024\/12\/Cover_When-Darkness-Falls.jpg&#8221; title_text=&#8221;Cover_When-Darkness-Falls&#8221; _builder_version=&#8221;4.27.4&#8243; _module_preset=&#8221;default&#8221; border_width_all=&#8221;1px&#8221; global_colors_info=&#8221;{}&#8221;][\/et_pb_image][\/et_pb_column][et_pb_column type=&#8221;3_5&#8243; _builder_version=&#8221;4.27.4&#8243; _module_preset=&#8221;default&#8221; global_colors_info=&#8221;{}&#8221;][et_pb_text _builder_version=&#8221;4.27.4&#8243; _module_preset=&#8221;default&#8221; text_text_color=&#8221;#000000&#8243; header_line_height=&#8221;1.4em&#8221; header_2_line_height=&#8221;1.4em&#8221; header_3_line_height=&#8221;1.4em&#8221; global_colors_info=&#8221;{}&#8221;]<\/p>\n<h1><strong>When Darkness Falls the Stars Appear.<\/strong><\/h1>\n<h2>Reflections on Life and Mortality.<\/h2>\n<h3><em>by Florian A. Gebler<\/em><\/h3>\n<p>&nbsp;<\/p>\n<p>When death knocks at the door, it opens a path of profound reflection\u2014not only on its menacing darkness but also on the light that shines through. This deeply personal and thought-provoking book by Dr. Florian A. Gebler chronicles his search for healing and meaning in the wake of a life-altering cancer diagnosis. Written with unflinching honesty and philosophical depth, it invites readers to embrace the concept of mortality\u2014not as a grim inevitability but as a gateway to a richer, more purposeful life.<\/p>\n<p>This book is more than a personal narrative\u2014it\u2019s an invitation for readers to reflect on their own lives and explore the transformative power of integrating the idea of death into daily life. It offers inspiration for personal growth and ignites broader societal conversations about how we approach life and death.<\/p>\n<p>authentic &#8211; brave &#8211; inspiring<\/p>\n<p>[\/et_pb_text][\/et_pb_column][\/et_pb_row][et_pb_row column_structure=&#8221;1_2,1_2&#8243; _builder_version=&#8221;4.27.4&#8243; _module_preset=&#8221;default&#8221; global_colors_info=&#8221;{}&#8221;][et_pb_column type=&#8221;1_2&#8243; _builder_version=&#8221;4.27.4&#8243; _module_preset=&#8221;default&#8221; global_colors_info=&#8221;{}&#8221;][et_pb_text _builder_version=&#8221;4.27.4&#8243; _module_preset=&#8221;default&#8221; text_text_color=&#8221;#000000&#8243; header_text_color=&#8221;#000000&#8243; header_2_text_color=&#8221;#000000&#8243; header_3_text_color=&#8221;#000000&#8243; header_4_text_color=&#8221;#000000&#8243; header_5_text_color=&#8221;#000000&#8243; global_colors_info=&#8221;{}&#8221;]<\/p>\n<h4>Print<\/h4>\n<ul>\n<li><strong>ISBN:<\/strong> <span>978-3-939641-05-6<\/span><\/li>\n<li><strong>Format:<\/strong> <span>Softcover<\/span><\/li>\n<li><strong>Seitenanzahl:<\/strong> 106<\/li>\n<li><strong>Preis:<\/strong> 10,99 EUR<\/li>\n<li>Jahr der Ver\u00f6ffentlichung: 2024<\/li>\n<\/ul>\n<h5><\/h5>\n<h5><span style=\"font-size: 16px;\">Am besten bei ihrer Buchhandlung vor Ort, <\/span><\/h5>\n<h5><span style=\"font-size: 16px;\">oder online wie z.B.<\/span><\/h5>\n<ul>\n<li><a href=\"https:\/\/buchshop.bod.de\/when-darkness-falls-the-stars-appear-florian-a-gebler-9783939641056\" target=\"_blank\" rel=\"noopener\" title=\"Link zur Printversion \u00fcber BoD\">BoD<\/a><\/li>\n<li><a href=\"https:\/\/www.amazon.de\/When-Darkness-Falls-Stars-Appear\/dp\/3939641057\/ref=sr_1_3?crid=28DRAJK4J83I8&amp;dib=eyJ2IjoiMSJ9.uZ8pHVPW8X_eEA1mCLPUgXr6IbvN3_HGioD-Dp2I2rrUecpeMcEmeaj_KRs3OGmVJlntq-MuwEgUW-lKUBV073txMSaVh6FzNuSNqzPdLddMQvn1pCVWOyleEJYp7mT8C2aHcnkg9fmr2Ddgfbtr_EKCPfzu4lXM-oyg1aLxLBdClqKa4Vovi_3ULJWvyzp9ApLXymb4oY2YfqLUQs0bwivE9eVgJr3ugayr4npPVgI.XZqrUx-1ouTEnIf7DYX0S1ZS6P1XZr0SdAgZcVl9D1s&amp;dib_tag=se&amp;keywords=florian+a+gebler&amp;nsdOptOutParam=true&amp;qid=1734489659&amp;sprefix=%2Caps%2C116&amp;sr=8-3\" target=\"_blank\" rel=\"noopener\" title=\"Link zur Printversion \u00fcber Amazon\">Amazon<\/a><\/li>\n<li><a href=\"https:\/\/www.buecher.de\/artikel\/buch\/when-darkness-falls-the-stars-appear\/72122186\/\" target=\"_blank\" rel=\"noopener\" title=\"Link zur Printversion \u00fcber B\u00fccher.de\">B\u00fccher.de<\/a><\/li>\n<li><a href=\"https:\/\/www.thalia.de\/shop\/home\/artikeldetails\/A1073546111\" target=\"_blank\" rel=\"noopener\" title=\"Link zur Printversion \u00fcber Thalia\">Thalia<\/a><\/li>\n<li><a href=\"https:\/\/buch24.de\/shopdirekt.cgi?sessionid=1734489728-355949087&amp;id=39739092&amp;p=3&amp;sid=&amp;static=0&amp;nav=\" target=\"_blank\" rel=\"noopener\" title=\"Link zur Printversion \u00fcber Buch24.de\">Buch24.de<\/a><\/li>\n<li><a href=\"https:\/\/www.hugendubel.de\/de\/buch_kartoniert\/florian_a_gebler-when_darkness_falls_the_stars_appear-49401175-produkt-details.html\" target=\"_blank\" rel=\"noopener\" title=\"Link zur Printversion \u00fcber Hugendubel\">Hugendubel<\/a><\/li>\n<\/ul>\n<p>[\/et_pb_text][\/et_pb_column][et_pb_column type=&#8221;1_2&#8243; _builder_version=&#8221;4.27.4&#8243; _module_preset=&#8221;default&#8221; global_colors_info=&#8221;{}&#8221;][et_pb_text _builder_version=&#8221;4.27.4&#8243; _module_preset=&#8221;default&#8221; text_text_color=&#8221;#000000&#8243; header_text_color=&#8221;#000000&#8243; header_2_text_color=&#8221;#000000&#8243; header_3_text_color=&#8221;#000000&#8243; header_4_text_color=&#8221;#000000&#8243; header_5_text_color=&#8221;#000000&#8243; global_colors_info=&#8221;{}&#8221;]<\/p>\n<h4>E-Book<\/h4>\n<ul>\n<li><strong>ISBN:<\/strong> <span>978-3-939641-14-8<\/span><\/li>\n<li><strong>Format:<\/strong> EPUP<\/li>\n<li><strong>Dateigr\u00f6\u00dfe:<\/strong> 535 KB<\/li>\n<li><strong>Preis:<\/strong> 7,99 EUR<\/li>\n<li>Jahr der Ver\u00f6ffentlichung: 2024<\/li>\n<\/ul>\n<h5><\/h5>\n<h5>Erh\u00e4ltlich \u00fcberall im Buchhandel, wie z.B.<\/h5>\n<ul>\n<li><a href=\"https:\/\/buchshop.bod.de\/when-darkness-falls-the-stars-appear-florian-a-gebler-9783939641148\" target=\"_blank\" rel=\"noopener\" title=\"Link zum E-Book \u00fcber BoD\">BoD<\/a><\/li>\n<li><a href=\"https:\/\/www.amazon.de\/When-Darkness-Falls-Stars-Appear-ebook\/dp\/B0DPKXPNPZ\/ref=tmm_kin_swatch_0?_encoding=UTF8&amp;dib_tag=se&amp;dib=eyJ2IjoiMSJ9.uZ8pHVPW8X_eEA1mCLPUgXr6IbvN3_HGioD-Dp2I2rrUecpeMcEmeaj_KRs3OGmVJlntq-MuwEgUW-lKUBV073txMSaVh6FzNuSNqzPdLddMQvn1pCVWOyleEJYp7mT8C2aHcnkg9fmr2Ddgfbtr_EKCPfzu4lXM-oyg1aLxLBdClqKa4Vovi_3ULJWvyzp9ApLXymb4oY2YfqLUQs0bwivE9eVgJr3ugayr4npPVgI.XZqrUx-1ouTEnIf7DYX0S1ZS6P1XZr0SdAgZcVl9D1s&amp;qid=1734489659&amp;sr=8-3\" target=\"_blank\" rel=\"noopener\" title=\"Link zum E-Book \u00fcber Amazon\">Amazon<\/a><\/li>\n<li><a href=\"https:\/\/www.buecher.de\/artikel\/ebook\/when-darkness-falls-the-stars-appear-ebook-epub\/72512605\/\" target=\"_blank\" rel=\"noopener\" title=\"Link zum E-Book \u00fcber Thalia\">Thalia<\/a><\/li>\n<li><a href=\"https:\/\/www.ebook.de\/de\/product\/49544778\/florian_a_gebler_when_darkness_falls_the_stars_appear.html\" target=\"_blank\" rel=\"noopener\" title=\"Link zum E-Book \u00fcber eBook.de\">eBook.de<\/a><\/li>\n<li><a href=\"https:\/\/www.buecher.de\/artikel\/ebook\/when-darkness-falls-the-stars-appear-ebook-epub\/72512605\/\" target=\"_blank\" rel=\"noopener\" title=\"Link zum E-Book \u00fcber B\u00fccher.de\">B\u00fccher.de<\/a><\/li>\n<li><a href=\"https:\/\/buch24.de\/shopdirekt.cgi?sessionid=1734489728-355949087&amp;id=39874446&amp;p=3&amp;t=&amp;h=&amp;kid=0&amp;klid=2&amp;sid=35\" target=\"_blank\" rel=\"noopener\" title=\"Link zum E-Book \u00fcber Buch24.de\">Buch24.de<\/a><\/li>\n<li><a href=\"https:\/\/www.hugendubel.de\/de\/ebook_epub\/florian_a_gebler-when_darkness_falls_the_stars_appear-49544778-produkt-details.html\" target=\"_blank\" rel=\"noopener\" title=\"Link zum E-Book \u00fcber Hugendubel\">Hugendbubel<\/a><\/li>\n<\/ul>\n<p>[\/et_pb_text][\/et_pb_column][\/et_pb_row][\/et_pb_section][et_pb_section fb_built=&#8221;1&#8243; _builder_version=&#8221;4.27.4&#8243; _module_preset=&#8221;default&#8221; background_color=&#8221;#0060AD&#8221; global_colors_info=&#8221;{}&#8221;][et_pb_row column_structure=&#8221;2_5,3_5&#8243; _builder_version=&#8221;4.27.4&#8243; _module_preset=&#8221;default&#8221; global_colors_info=&#8221;{}&#8221;][et_pb_column type=&#8221;2_5&#8243; _builder_version=&#8221;4.27.4&#8243; _module_preset=&#8221;default&#8221; global_colors_info=&#8221;{}&#8221;][et_pb_image src=&#8221;https:\/\/quellwasser-verlag.de\/wp-content\/uploads\/2024\/12\/Cover_Der-Weg-der-Liebe.jpg&#8221; alt=&#8221;Cover von %22Der Weg der Liebe%22&#8243; title_text=&#8221;Version 1.0.0&#8243; _builder_version=&#8221;4.27.4&#8243; _module_preset=&#8221;default&#8221; border_width_all=&#8221;1px&#8221; global_colors_info=&#8221;{}&#8221;][\/et_pb_image][\/et_pb_column][et_pb_column type=&#8221;3_5&#8243; _builder_version=&#8221;4.27.4&#8243; _module_preset=&#8221;default&#8221; global_colors_info=&#8221;{}&#8221;][et_pb_text _builder_version=&#8221;4.27.4&#8243; _module_preset=&#8221;default&#8221; text_text_color=&#8221;#FFFFFF&#8221; header_text_color=&#8221;#FFFFFF&#8221; header_line_height=&#8221;1.4em&#8221; header_2_text_color=&#8221;#FFFFFF&#8221; header_2_line_height=&#8221;1.4em&#8221; header_3_text_color=&#8221;#FFFFFF&#8221; header_3_line_height=&#8221;1.4em&#8221; global_colors_info=&#8221;{}&#8221;]<\/p>\n<h1>Der Weg der Liebe im Schatten der Angst.<\/h1>\n<h2>Ein philosophisch-psychologischer Essay.<\/h2>\n<h3><em>von Florian A. Gebler<\/em><\/h3>\n<p><span><\/span><\/p>\n<p><span><\/span><\/p>\n<p><span>Liebe und Angst sind Urph\u00e4nomene, die das menschliche Leben wie Grundkonstanten durchziehen und uns stets begleiten. So zum Beispiel, wenn von der &#8220;Grundstimmung der Angst&#8221; in Deutschland die Rede ist, oder wenn Papst Benedikt XVI. die Liebe zum Thema seiner Enzyklika macht. Aber was bedeuten Angst und Liebe eigentlich f\u00fcr uns und unser Leben?<\/span><\/p>\n<p><span>Angst ist der st\u00e4ndige Appell des Lebens an uns, die Liebe unsere m\u00f6gliche Antwort. Angst bedr\u00e4ngt uns, in der Liebe \u00f6ffnen wir uns. Angst ist Einsamkeit, in der Liebe finden wir uns selbst, finden den Anderen und werden von ihm gefunden.<\/span><\/p>\n<p><span>Dieser Essay mit seinen skizzenhaft anmutenden Gedanken soll die Leserinnen und Leser zum Weiterdenken anregen; er ist mit der Hoffnung verbunden, Herausforderung zu sein, den &#8220;Appell des Lebens&#8221; vernehmen zu lassen &#8211; und den Mut zur Liebe zu f\u00f6rdern.<\/span><\/p>\n<p>[\/et_pb_text][\/et_pb_column][\/et_pb_row][et_pb_row column_structure=&#8221;1_2,1_2&#8243; _builder_version=&#8221;4.27.4&#8243; _module_preset=&#8221;default&#8221; global_colors_info=&#8221;{}&#8221;][et_pb_column type=&#8221;1_2&#8243; _builder_version=&#8221;4.27.4&#8243; _module_preset=&#8221;default&#8221; global_colors_info=&#8221;{}&#8221;][et_pb_text _builder_version=&#8221;4.27.4&#8243; _module_preset=&#8221;default&#8221; text_text_color=&#8221;#FFFFFF&#8221; header_text_color=&#8221;#FFFFFF&#8221; header_2_text_color=&#8221;#FFFFFF&#8221; header_3_text_color=&#8221;#FFFFFF&#8221; header_4_text_color=&#8221;#FFFFFF&#8221; header_5_text_color=&#8221;#FFFFFF&#8221; global_colors_info=&#8221;{}&#8221;]<\/p>\n<h4>Print<\/h4>\n<ul>\n<li><strong>ISBN:<\/strong> <span>978-3-939641-00-1<\/span><\/li>\n<li><strong>Format:<\/strong> <span>Softcover<\/span><\/li>\n<li><strong>Seitenanzahl:<\/strong> 72<\/li>\n<li><strong>Preis:<\/strong> 7,90 EUR<\/li>\n<li>Jahr der Ver\u00f6ffentlichung: 2006<\/li>\n<\/ul>\n<p>&nbsp;<\/p>\n<h5><span style=\"font-size: 16px;\">Am besten bei ihrer Buchhandlung vor Ort, <\/span><\/h5>\n<h5><span style=\"font-size: 16px;\">oder online wie z.B.<\/span><\/h5>\n<ul>\n<li><span style=\"color: #ffffff;\"><a href=\"https:\/\/buchshop.bod.de\/der-weg-der-liebe-im-schatten-der-angst-florian-a-gebler-9783939641001\" target=\"_blank\" rel=\"noopener\" title=\"Link zur Printversion \u00fcber BoD\" style=\"color: #ffffff;\">BoD<\/a><\/span><\/li>\n<li><span style=\"color: #ffffff;\"><a href=\"https:\/\/www.amazon.de\/Weg-Liebe-Schatten-Angst-philosophisch-psychologischer\/dp\/3939641006\/ref=sr_1_5?crid=28DRAJK4J83I8&amp;dib=eyJ2IjoiMSJ9.uZ8pHVPW8X_eEA1mCLPUgXr6IbvN3_HGioD-Dp2I2rrUecpeMcEmeaj_KRs3OGmVJlntq-MuwEgUW-lKUBV073txMSaVh6FzNuSNqzPdLddMQvn1pCVWOyleEJYp7mT8C2aHcnkg9fmr2Ddgfbtr_EKCPfzu4lXM-oyg1aLxLBdClqKa4Vovi_3ULJWvyzp9ApLXymb4oY2YfqLUQs0bwivE9eVgJr3ugayr4npPVgI.XZqrUx-1ouTEnIf7DYX0S1ZS6P1XZr0SdAgZcVl9D1s&amp;dib_tag=se&amp;keywords=florian+a+gebler&amp;nsdOptOutParam=true&amp;qid=1734489659&amp;sprefix=%2Caps%2C116&amp;sr=8-5\" target=\"_blank\" rel=\"noopener\" title=\"Link zur Printversion \u00fcber Amazon\" style=\"color: #ffffff;\">Amazon<\/a><\/span><\/li>\n<li><span style=\"color: #ffffff;\"><a href=\"https:\/\/www.buecher.de\/artikel\/buch\/der-weg-der-liebe-im-schatten-der-angst\/26085368\/\" target=\"_blank\" rel=\"noopener\" title=\"Link zur Printversion \u00fcber B\u00fccher.de\" style=\"color: #ffffff;\">B\u00fccher.de<\/a><\/span><\/li>\n<li><span style=\"color: #ffffff;\"><a href=\"https:\/\/www.thalia.de\/shop\/home\/artikeldetails\/A1000976845\" target=\"_blank\" rel=\"noopener\" title=\"Link zur Printversion \u00fcber Thalia\" style=\"color: #ffffff;\">Thalia<\/a><\/span><\/li>\n<li><span style=\"color: #ffffff;\"><a href=\"https:\/\/buch24.de\/shopdirekt.cgi?sessionid=1734489728-355949087&amp;id=4970783&amp;p=3&amp;sid=&amp;static=0&amp;nav=\" target=\"_blank\" rel=\"noopener\" title=\"Link zur Printversion \u00fcber Buch24.de\" style=\"color: #ffffff;\">Buch24.de<\/a><\/span><\/li>\n<li><span style=\"color: #ffffff;\"><a href=\"https:\/\/www.hugendubel.de\/de\/buch_kartoniert\/florian_a_gebler-der_weg_der_liebe_im_schatten_der_angst-8251727-produkt-details.html\" target=\"_blank\" rel=\"noopener\" title=\"Link zur Printversion \u00fcber Hugendubel\" style=\"color: #ffffff;\">Hugendubel<\/a><\/span><\/li>\n<\/ul>\n<p>[\/et_pb_text][\/et_pb_column][et_pb_column type=&#8221;1_2&#8243; _builder_version=&#8221;4.27.4&#8243; _module_preset=&#8221;default&#8221; global_colors_info=&#8221;{}&#8221;][et_pb_text _builder_version=&#8221;4.27.4&#8243; _module_preset=&#8221;default&#8221; text_text_color=&#8221;#FFFFFF&#8221; header_text_color=&#8221;#FFFFFF&#8221; header_2_text_color=&#8221;#FFFFFF&#8221; header_3_text_color=&#8221;#FFFFFF&#8221; header_4_text_color=&#8221;#FFFFFF&#8221; header_5_text_color=&#8221;#FFFFFF&#8221; global_colors_info=&#8221;{}&#8221;]<\/p>\n<h4>E-Book<\/h4>\n<ul>\n<li><strong>ISBN:<\/strong> <span>978-3-939641-11-7<\/span><\/li>\n<li><strong>Format:<\/strong> EPUP<\/li>\n<li><strong>Dateigr\u00f6\u00dfe:<\/strong> 141 KB<\/li>\n<li><strong>Preis:<\/strong> 7,85 EUR<\/li>\n<li>Jahr der Ver\u00f6ffentlichung: 2009<\/li>\n<\/ul>\n<p>&nbsp;<\/p>\n<h5>Erh\u00e4ltlich bei Amazon als Kindle:<\/h5>\n<ul>\n<li><span style=\"color: #ffffff;\"><a href=\"https:\/\/www.amazon.de\/Liebe-Schatten-Angst-philosophisch-psychologischer-Essay-ebook\/dp\/B005NV0CGI\/ref=tmm_kin_swatch_0?_encoding=UTF8&amp;dib_tag=se&amp;dib=eyJ2IjoiMSJ9.uZ8pHVPW8X_eEA1mCLPUgXr6IbvN3_HGioD-Dp2I2rrUecpeMcEmeaj_KRs3OGmVJlntq-MuwEgUW-lKUBV073txMSaVh6FzNuSNqzPdLddMQvn1pCVWOyleEJYp7mT8C2aHcnkg9fmr2Ddgfbtr_EKCPfzu4lXM-oyg1aLxLBdClqKa4Vovi_3ULJWvyzp9ApLXymb4oY2YfqLUQs0bwivE9eVgJr3ugayr4npPVgI.XZqrUx-1ouTEnIf7DYX0S1ZS6P1XZr0SdAgZcVl9D1s&amp;qid=1734489659&amp;sr=8-5\" target=\"_blank\" rel=\"noopener\" title=\"Link zur Kindle-Version \u00fcber Amazon\" style=\"color: #ffffff;\"><span style=\"font-size: 14px;\">Amazon<\/span><\/a><\/span><\/li>\n<\/ul>\n<p>[\/et_pb_text][\/et_pb_column][\/et_pb_row][\/et_pb_section][et_pb_section fb_built=&#8221;1&#8243; _builder_version=&#8221;4.27.4&#8243; _module_preset=&#8221;default&#8221; custom_padding=&#8221;||2px|||&#8221; global_colors_info=&#8221;{}&#8221;][et_pb_row column_structure=&#8221;2_5,3_5&#8243; _builder_version=&#8221;4.27.4&#8243; _module_preset=&#8221;default&#8221; global_colors_info=&#8221;{}&#8221;][et_pb_column type=&#8221;2_5&#8243; _builder_version=&#8221;4.27.4&#8243; _module_preset=&#8221;default&#8221; global_colors_info=&#8221;{}&#8221;][et_pb_image src=&#8221;https:\/\/quellwasser-verlag.de\/wp-content\/uploads\/2024\/12\/Cover_Worte-von-Sehnsucht.jpg&#8221; alt=&#8221;Cover von %22Worte von Liebe%22&#8243; title_text=&#8221;Cover_Worte-von-Sehnsucht&#8221; _builder_version=&#8221;4.27.4&#8243; _module_preset=&#8221;default&#8221; global_colors_info=&#8221;{}&#8221;][\/et_pb_image][\/et_pb_column][et_pb_column type=&#8221;3_5&#8243; _builder_version=&#8221;4.27.4&#8243; _module_preset=&#8221;default&#8221; global_colors_info=&#8221;{}&#8221;][et_pb_text _builder_version=&#8221;4.27.4&#8243; _module_preset=&#8221;default&#8221; header_line_height=&#8221;1.4em&#8221; header_2_line_height=&#8221;1.4em&#8221; header_3_line_height=&#8221;1.4em&#8221; global_colors_info=&#8221;{}&#8221;]<\/p>\n<h1><strong>Worte von Liebe und Sehnsucht.<\/strong><\/h1>\n<h2>Gedichte, Gedanken, Weisheiten.<\/h2>\n<h3><em>von Florian A. Gebler<\/em><\/h3>\n<p><span><\/span><\/p>\n<p><span><\/span><\/p>\n<p><span>\u201eWorte von Liebe und Sehnsucht\u201c beinhaltet Gedichte, Gedanken und Weisheiten von bekannten K\u00fcnstlern wie Erich Fried, Hermann Hesse oder Johann W. v. Goethe, aber auch von neuen Autoren. <\/span><span style=\"font-size: 14px;\">Es sind Worte die ber\u00fchren, gut tun oder nachdenklich machen. Vom Licht und Zauber, aber auch vom Schatten der menschlichen Begegnungen und der Liebe.<\/span><\/p>\n<p>[\/et_pb_text][\/et_pb_column][\/et_pb_row][et_pb_row column_structure=&#8221;1_2,1_2&#8243; _builder_version=&#8221;4.27.4&#8243; _module_preset=&#8221;default&#8221; global_colors_info=&#8221;{}&#8221;][et_pb_column type=&#8221;1_2&#8243; _builder_version=&#8221;4.27.4&#8243; _module_preset=&#8221;default&#8221; global_colors_info=&#8221;{}&#8221;][et_pb_text _builder_version=&#8221;4.27.4&#8243; _module_preset=&#8221;default&#8221; global_colors_info=&#8221;{}&#8221;]<\/p>\n<h4>Print<\/h4>\n<ul>\n<li><strong>ISBN:<\/strong> <span>978-3-939641-02-5<\/span><\/li>\n<li><strong>Format:<\/strong> <span>Hardcover<\/span><\/li>\n<li><strong>Bildband<\/strong> mit 27 Farbbildern<span><\/span><\/li>\n<li><strong>Seitenanzahl:<\/strong> 76<\/li>\n<li><strong>Preis:<\/strong> 22,90 EUR<\/li>\n<li>Jahr der Ver\u00f6ffentlichung: 2010<\/li>\n<\/ul>\n<h5><\/h5>\n<h5><span style=\"font-size: 16px;\">Am besten bei ihrer Buchhandlung vor Ort, <\/span><\/h5>\n<h5><span style=\"font-size: 16px;\">oder online wie z.B.<\/span><\/h5>\n<ul>\n<li><a href=\"https:\/\/buchshop.bod.de\/worte-von-liebe-und-sehnsucht-9783939641025\" target=\"_blank\" rel=\"noopener\" title=\"Link zum Buch \u00fcber BoD\">BoD<\/a><\/li>\n<li><a href=\"https:\/\/www.amazon.de\/Worte-von-Liebe-Sehnsucht-Weisheiten\/dp\/3939641022\/ref=sr_1_2?crid=28DRAJK4J83I8&amp;dib=eyJ2IjoiMSJ9.uZ8pHVPW8X_eEA1mCLPUgXr6IbvN3_HGioD-Dp2I2rrUecpeMcEmeaj_KRs3OGmVJlntq-MuwEgUW-lKUBV073txMSaVh6FzNuSNqzPdLddMQvn1pCVWOyleEJYp7mT8C2aHcnkg9fmr2Ddgfbtr_EKCPfzu4lXM-oyg1aLxLBdClqKa4Vovi_3ULJWvyzp9ApLXymb4oY2YfqLUQs0bwivE9eVgJr3ugayr4npPVgI.XZqrUx-1ouTEnIf7DYX0S1ZS6P1XZr0SdAgZcVl9D1s&amp;dib_tag=se&amp;keywords=florian+a+gebler&amp;nsdOptOutParam=true&amp;qid=1734489659&amp;sprefix=%2Caps%2C116&amp;sr=8-2\" target=\"_blank\" rel=\"noopener\" title=\"Link zum Buch \u00fcber Amazon\">Amazon<\/a><\/li>\n<li><a href=\"https:\/\/www.buecher.de\/artikel\/buch\/worte-von-liebe-und-sehnsucht\/29448713\/\" target=\"_blank\" rel=\"noopener\" title=\"Link zum Buch \u00fcber B\u00fccher.de\">B\u00fccher.de<\/a><\/li>\n<li><a href=\"https:\/\/www.thalia.de\/shop\/home\/artikeldetails\/A1011384801\" target=\"_blank\" rel=\"noopener\" title=\"Link zum Buch \u00fcber Thalia\">Thalia<\/a><\/li>\n<li><a href=\"https:\/\/buch24.de\/shopdirekt.cgi?sessionid=1734489728-355949087&amp;id=7214553&amp;p=3&amp;sid=&amp;static=0&amp;nav=\" target=\"_blank\" rel=\"noopener\" title=\"Link zum Buch \u00fcber Buch24.de\">Buch24.de<\/a><\/li>\n<li><a href=\"https:\/\/www.hugendubel.de\/de\/buch_gebunden\/worte_von_liebe_und_sehnsucht-10965592-produkt-details.html\" target=\"_blank\" rel=\"noopener\" title=\"Link zum Buch \u00fcber Hugendubel\">Hugendubel<\/a><\/li>\n<\/ul>\n<p>[\/et_pb_text][\/et_pb_column][et_pb_column type=&#8221;1_2&#8243; _builder_version=&#8221;4.27.4&#8243; _module_preset=&#8221;default&#8221; global_colors_info=&#8221;{}&#8221;][et_pb_text _builder_version=&#8221;4.27.4&#8243; _module_preset=&#8221;default&#8221; text_font=&#8221;Amita||||||||&#8221; text_line_height=&#8221;1.2em&#8221; text_orientation=&#8221;center&#8221; hover_enabled=&#8221;0&#8243; global_colors_info=&#8221;{}&#8221; sticky_enabled=&#8221;0&#8243;]<\/p>\n<p><span>Die Sehnsucht<\/span><\/p>\n<p><span>des Verliebten<\/span><\/p>\n<p><span>bezieht sich nicht<\/span><\/p>\n<p><span>auf den Anderen<\/span><\/p>\n<p><span>wie er wirklich ist<\/span><\/p>\n<p><span>sondern auf die eigenen W\u00fcnsche<\/span><\/p>\n<p><span>wobei sie hofft<\/span><\/p>\n<p><span>dass der Andere sie erf\u00fcllt.<\/span><\/p>\n<p><span>Die Liebe dagegen<\/span><\/p>\n<p><span>sehnt sich nach dem Anderen<\/span><\/p>\n<p><span>so wie er ist<\/span><\/p>\n<p><span>auch mit dem<\/span><\/p>\n<p><span>was die Sehnsucht<\/span><\/p>\n<p><span>nicht erhofft hat.<\/span><\/p>\n<p>[\/et_pb_text][\/et_pb_column][\/et_pb_row][\/et_pb_section][et_pb_section fb_built=&#8221;1&#8243; _builder_version=&#8221;4.27.4&#8243; _module_preset=&#8221;default&#8221; background_color=&#8221;#0060AD&#8221; global_colors_info=&#8221;{}&#8221;][et_pb_row column_structure=&#8221;2_5,3_5&#8243; _builder_version=&#8221;4.27.4&#8243; _module_preset=&#8221;default&#8221; global_colors_info=&#8221;{}&#8221;][et_pb_column type=&#8221;2_5&#8243; _builder_version=&#8221;4.27.4&#8243; _module_preset=&#8221;default&#8221; global_colors_info=&#8221;{}&#8221;][et_pb_image src=&#8221;https:\/\/quellwasser-verlag.de\/wp-content\/uploads\/2024\/12\/Cover-Leben-mit-Schmerzen.jpg&#8221; alt=&#8221;Cover von %22Leben mit chronischen Schmerzen%22&#8243; title_text=&#8221;Cover-Leben-mit-Schmerzen&#8221; _builder_version=&#8221;4.27.4&#8243; _module_preset=&#8221;default&#8221; border_width_all=&#8221;1px&#8221; global_colors_info=&#8221;{}&#8221;][\/et_pb_image][\/et_pb_column][et_pb_column type=&#8221;3_5&#8243; _builder_version=&#8221;4.27.4&#8243; _module_preset=&#8221;default&#8221; global_colors_info=&#8221;{}&#8221;][et_pb_text _builder_version=&#8221;4.27.4&#8243; _module_preset=&#8221;default&#8221; text_text_color=&#8221;#FFFFFF&#8221; header_text_color=&#8221;#FFFFFF&#8221; header_line_height=&#8221;1.4em&#8221; header_2_text_color=&#8221;#FFFFFF&#8221; header_2_line_height=&#8221;1.4em&#8221; header_3_text_color=&#8221;#FFFFFF&#8221; header_3_line_height=&#8221;1.4em&#8221; global_colors_info=&#8221;{}&#8221;]<\/p>\n<h1><strong>Leben mit chronischen Schmerzen.<\/strong><\/h1>\n<h2>Informationen zur Entstehung, Chronifizierung und Behandlung von Schmerzen. Ein Hilfe-Buch.<\/h2>\n<h3><em>von Florian A. Gebler<\/em><\/h3>\n<p>&nbsp;<\/p>\n<p>Dieses Buch ist in erster Linie f\u00fcr die Menschen geschrieben, die an chronischen Schmerzen leiden. Es richtet sich aber auch an deren Angeh\u00f6rige sowie an alle Menschen, die an diesem Thema Interesse haben.<\/p>\n<p>Das F\u00f6rdern von Verst\u00e4ndnis ist der erste gro\u00dfe Schritt auf dem Weg der Besserung. Nur wenige Menschen wissen, dass es so etwas wie chronische Schmerzen gibt, und noch weniger wissen, dass es grundlegende Unterschiede zwischen akuten und chronischen Schmerzen gibt. Dieses Buch liefert daher grundlegende Informationen zu dem Ph\u00e4nomen Schmerz \u2013 seinem Sinn, seiner Entstehung sowie verschiedenen Faktoren, die zu einer Chronifizierung beitragen k\u00f6nnen. Im Anschluss werden bew\u00e4hrte Ans\u00e4tze und Strategien zur Schmerzbew\u00e4ltigung dargestellt und diskutiert.<\/p>\n<p>Chronische Schmerzen sind h\u00e4ufig nur zu einem gewissen Grad beeinflussbar und daher ist die Frage wichtig, wie trotz und mit den Schmerzen ein zufriedenstellendes Leben m\u00f6glich sein kann. Dieses Buch m\u00f6chte Mut dazu machen, seinem Schicksal auf Augenh\u00f6he zu begegnen und trotz allem sein Leben zu bejahen und sinnvoll zu gestalten.<\/p>\n<p>[\/et_pb_text][\/et_pb_column][\/et_pb_row][et_pb_row column_structure=&#8221;1_2,1_2&#8243; _builder_version=&#8221;4.27.4&#8243; _module_preset=&#8221;default&#8221; global_colors_info=&#8221;{}&#8221;][et_pb_column type=&#8221;1_2&#8243; _builder_version=&#8221;4.27.4&#8243; _module_preset=&#8221;default&#8221; global_colors_info=&#8221;{}&#8221;][et_pb_text _builder_version=&#8221;4.27.4&#8243; _module_preset=&#8221;default&#8221; text_text_color=&#8221;#FFFFFF&#8221; header_text_color=&#8221;#FFFFFF&#8221; header_2_text_color=&#8221;#FFFFFF&#8221; header_3_text_color=&#8221;#FFFFFF&#8221; header_4_text_color=&#8221;#FFFFFF&#8221; header_5_text_color=&#8221;#FFFFFF&#8221; global_colors_info=&#8221;{}&#8221;]<\/p>\n<h4>Print<\/h4>\n<ul>\n<li><strong>ISBN:<\/strong> <span>978-3-939641-03-2<\/span><\/li>\n<li><strong>Format:<\/strong> Soft<span>cover<\/span><\/li>\n<li><strong>Seitenanzahl:<\/strong> 128<\/li>\n<li><strong>Preis:<\/strong> 19,95 EUR<\/li>\n<li>Jahr der Ver\u00f6ffentlichung: 2012<\/li>\n<\/ul>\n<h5><\/h5>\n<h5><span style=\"font-size: 16px;\">Am besten bei ihrer Buchhandlung vor Ort, <\/span><\/h5>\n<h5><span style=\"font-size: 16px;\">oder online wie z.B.<\/span><\/h5>\n<ul>\n<li><span style=\"color: #ffffff;\"><a href=\"https:\/\/buchshop.bod.de\/leben-mit-chronischen-schmerzen-florian-a-gebler-9783939641032\" target=\"_blank\" rel=\"noopener\" title=\"Link zur Printversion \u00fcber BoD\" style=\"color: #ffffff;\"><span style=\"font-size: 16px;\">BoD<\/span><\/a><\/span><\/li>\n<li><span style=\"color: #ffffff;\"><a href=\"https:\/\/www.amazon.de\/Leben-chronischen-Schmerzen-Informationen-Chronifizierung\/dp\/3939641030\/ref=sr_1_4?crid=28DRAJK4J83I8&amp;dib=eyJ2IjoiMSJ9.uZ8pHVPW8X_eEA1mCLPUgXr6IbvN3_HGioD-Dp2I2rrUecpeMcEmeaj_KRs3OGmVJlntq-MuwEgUW-lKUBV073txMSaVh6FzNuSNqzPdLddMQvn1pCVWOyleEJYp7mT8C2aHcnkg9fmr2Ddgfbtr_EKCPfzu4lXM-oyg1aLxLBdClqKa4Vovi_3ULJWvyzp9ApLXymb4oY2YfqLUQs0bwivE9eVgJr3ugayr4npPVgI.XZqrUx-1ouTEnIf7DYX0S1ZS6P1XZr0SdAgZcVl9D1s&amp;dib_tag=se&amp;keywords=florian+a+gebler&amp;nsdOptOutParam=true&amp;qid=1734489659&amp;sprefix=%2Caps%2C116&amp;sr=8-4\" target=\"_blank\" rel=\"noopener\" title=\"Link zur Printversion \u00fcber Amazon\" style=\"color: #ffffff;\"><span style=\"font-size: 16px;\">Amazon<\/span><\/a><\/span><\/li>\n<li><span style=\"color: #ffffff;\"><a href=\"https:\/\/www.buecher.de\/artikel\/buch\/leben-mit-chronischen-schmerzen\/36117888\/\" target=\"_blank\" rel=\"noopener\" title=\"Link zur Printversion \u00fcber B\u00fccher.de\" style=\"color: #ffffff;\">B\u00fccher.de<\/a><span style=\"font-size: 16px;\"><\/span><\/span><\/li>\n<li><span style=\"color: #ffffff;\"><a href=\"https:\/\/www.thalia.de\/shop\/home\/artikeldetails\/A1024595236\" target=\"_blank\" rel=\"noopener\" title=\"Link zur Printversion \u00fcber Thalia\" style=\"color: #ffffff;\">Thalia<\/a><\/span><\/li>\n<li><span style=\"color: #ffffff;\"><a href=\"https:\/\/buch24.de\/shopdirekt.cgi?sessionid=1734489728-355949087&amp;id=12444368&amp;p=3&amp;sid=&amp;static=0&amp;nav=\" target=\"_blank\" rel=\"noopener\" title=\"Link zur Printversion \u00fcber Buch24.de\" style=\"color: #ffffff;\">Buch24.de<\/a><\/span><\/li>\n<li><span style=\"color: #ffffff;\"><a href=\"https:\/\/www.hugendubel.de\/de\/buch_kartoniert\/florian_a_gebler-leben_mit_chronischen_schmerzen-19390884-produkt-details.html\" target=\"_blank\" rel=\"noopener\" title=\"Link zur Printversion \u00fcber Hugendubel\" style=\"color: #ffffff;\">Hugendubel<\/a><\/span><\/li>\n<\/ul>\n<p>[\/et_pb_text][\/et_pb_column][et_pb_column type=&#8221;1_2&#8243; _builder_version=&#8221;4.27.4&#8243; _module_preset=&#8221;default&#8221; global_colors_info=&#8221;{}&#8221;][et_pb_text _builder_version=&#8221;4.27.4&#8243; _module_preset=&#8221;default&#8221; text_text_color=&#8221;#FFFFFF&#8221; header_text_color=&#8221;#FFFFFF&#8221; header_2_text_color=&#8221;#FFFFFF&#8221; header_3_text_color=&#8221;#FFFFFF&#8221; header_4_text_color=&#8221;#FFFFFF&#8221; header_5_text_color=&#8221;#FFFFFF&#8221; global_colors_info=&#8221;{}&#8221;]<\/p>\n<h4>E-Book<\/h4>\n<ul>\n<li><strong>ISBN:<\/strong> <span>978-3-939641-12-4<\/span><\/li>\n<li><strong>Format:<\/strong> EPUP<\/li>\n<li><strong>Dateigr\u00f6\u00dfe:<\/strong> 420 KB<\/li>\n<li><strong>Preis:<\/strong> 15,99 EUR<\/li>\n<li>Jahr der Ver\u00f6ffentlichung: 2012<\/li>\n<\/ul>\n<h5><\/h5>\n<h5>Erh\u00e4ltlich \u00fcberall im Buchhandel, wie z.B.<\/h5>\n<ul>\n<li><span style=\"color: #ffffff;\"><a href=\"https:\/\/buchshop.bod.de\/leben-mit-chronischen-schmerzen-florian-a-gebler-9783939641124\" target=\"_blank\" rel=\"noopener\" title=\"Link zum E-Book \u00fcber BoD\" style=\"color: #ffffff;\">BoD<\/a><\/span><\/li>\n<li><span style=\"color: #ffffff;\"><a href=\"https:\/\/www.amazon.de\/Leben-chronischen-Schmerzen-Informationen-Chronifizierung-ebook\/dp\/B008Z69XHC\/ref=tmm_kin_swatch_0?_encoding=UTF8&amp;dib_tag=se&amp;dib=eyJ2IjoiMSJ9.uZ8pHVPW8X_eEA1mCLPUgXr6IbvN3_HGioD-Dp2I2rrUecpeMcEmeaj_KRs3OGmVJlntq-MuwEgUW-lKUBV073txMSaVh6FzNuSNqzPdLddMQvn1pCVWOyleEJYp7mT8C2aHcnkg9fmr2Ddgfbtr_EKCPfzu4lXM-oyg1aLxLBdClqKa4Vovi_3ULJWvyzp9ApLXymb4oY2YfqLUQs0bwivE9eVgJr3ugayr4npPVgI.XZqrUx-1ouTEnIf7DYX0S1ZS6P1XZr0SdAgZcVl9D1s&amp;qid=1734489659&amp;sr=8-4\" target=\"_blank\" rel=\"noopener\" title=\"Link zum E-Book \u00fcber Amazon\" style=\"color: #ffffff;\">Amazon<\/a><\/span><\/li>\n<li><span style=\"color: #ffffff;\"><a href=\"https:\/\/www.thalia.de\/shop\/home\/artikeldetails\/A1032138827\" target=\"_blank\" rel=\"noopener\" title=\"Link zum E-Book \u00fcber Thalia\" style=\"color: #ffffff;\">Thalia<\/a><\/span><\/li>\n<li><span style=\"color: #ffffff;\"><a href=\"https:\/\/www.ebook.de\/de\/product\/19456265\/florian_a_gebler_leben_mit_chronischen_schmerzen.html\" target=\"_blank\" rel=\"noopener\" title=\"Link zum E-Book \u00fcber ebook.de\" style=\"color: #ffffff;\">ebook.de<\/a><\/span><\/li>\n<li><span style=\"color: #ffffff;\"><a href=\"https:\/\/www.buecher.de\/artikel\/ebook\/leben-mit-chronischen-schmerzen-ebook-epub\/39264368\/\" target=\"_blank\" rel=\"noopener\" title=\"Link zum E-Book \u00fcber B\u00fccher.de\" style=\"color: #ffffff;\">B\u00fccher.de<\/a><\/span><\/li>\n<li><span style=\"color: #ffffff;\"><a href=\"https:\/\/buch24.de\/shopdirekt.cgi?sessionid=1734489728-355949087&amp;id=12973575&amp;p=3&amp;t=&amp;h=&amp;kid=0&amp;klid=2&amp;sid=22\" target=\"_blank\" rel=\"noopener\" title=\"Link zum E-Book \u00fcber Buch24.de\" style=\"color: #ffffff;\">Buch24.de<\/a><\/span><\/li>\n<li><span style=\"color: #ffffff;\"><a href=\"https:\/\/www.hugendubel.de\/de\/ebook_epub\/florian_a_gebler-leben_mit_chronischen_schmerzen-19456265-produkt-details.html\" target=\"_blank\" rel=\"noopener\" title=\"Link zum E-Book \u00fcber Hugendubel\" style=\"color: #ffffff;\">Hugendubel<\/a><\/span><\/li>\n<\/ul>\n<p>[\/et_pb_text][\/et_pb_column][\/et_pb_row][\/et_pb_section][et_pb_section fb_built=&#8221;1&#8243; _builder_version=&#8221;4.27.4&#8243; _module_preset=&#8221;default&#8221; global_colors_info=&#8221;{}&#8221;][et_pb_row column_structure=&#8221;3_5,2_5&#8243; _builder_version=&#8221;4.27.4&#8243; _module_preset=&#8221;default&#8221; global_colors_info=&#8221;{}&#8221;][et_pb_column type=&#8221;3_5&#8243; _builder_version=&#8221;4.27.4&#8243; _module_preset=&#8221;default&#8221; global_colors_info=&#8221;{}&#8221;][et_pb_text _builder_version=&#8221;4.27.4&#8243; _module_preset=&#8221;default&#8221; header_line_height=&#8221;1.4em&#8221; global_colors_info=&#8221;{}&#8221;]<\/p>\n<h1>Gut zu Wissen<\/h1>\n<p>Sie fragen sich vielleicht, weshalb der Quellwasser Verlag keinen in der Website integrierten Buchverkauf anbietet. Das hat finanzielle Gr\u00fcnde. Der Quellwasser Verlag bem\u00fcht sich in der Regel die Preise f\u00fcr die B\u00fccher m\u00f6glichst g\u00fcnstig zu halten. Aufgrund des Qualit\u00e4tsanspruches sowie des &#8220;Print-on-Demand&#8221;-Verfahrens sind die Herstellungskosten jedoch relativ hoch. Die Gewinnmargen sind daher sehr knapp kalkuliert. Aufgrund dieser knappen Gewinnmargen w\u00fcrde bei vielen B\u00fcchern unterm Strich ein Verlust f\u00fcr den Verlag stehen, wenn die B\u00fccher vom Verlag kostenfrei versendet werden w\u00fcrden. Das ist f\u00fcr den Verlag nicht tragbar. Um den Leserinnen und Lesern die Versandkosten zu ersparen verzichtet der Quellwasser Verlag auf einen integrierten Webshop und verweist auf die etablierten Buchhandlungen, die hinsichtlich der Versandkosten andere M\u00f6glichkeiten haben.\u00a0<\/p>\n<p>[\/et_pb_text][\/et_pb_column][et_pb_column type=&#8221;2_5&#8243; _builder_version=&#8221;4.27.4&#8243; _module_preset=&#8221;default&#8221; global_colors_info=&#8221;{}&#8221;][et_pb_image src=&#8221;https:\/\/quellwasser-verlag.de\/wp-content\/uploads\/2024\/12\/Sprueche3.jpg&#8221; title_text=&#8221;Spr\u00fcche3&#8243; _builder_version=&#8221;4.27.4&#8243; _module_preset=&#8221;default&#8221; border_width_all=&#8221;1px&#8221; global_colors_info=&#8221;{}&#8221;][\/et_pb_image][\/et_pb_column][\/et_pb_row][\/et_pb_section]<\/p>\n","protected":false},"excerpt":{"rendered":"<p>\u00a0Wenn der Tod anklopft sieht man die Sterne in der Nacht. Reflexionen \u00fcber Leben und Sterben. Von Florian A. Gebler &nbsp; Wenn der Tod an die T\u00fcr klopft, \u00f6ffnet sich ein Weg zu einer tiefen Auseinandersetzung mit ihm, mit seiner bedrohlichen Dunkelheit, aber auch mit dem Licht, das durch diese Dunkelheit scheint. Dieses Buch handelt [&hellip;]<\/p>\n","protected":false},"author":1,"featured_media":0,"parent":0,"menu_order":10,"comment_status":"closed","ping_status":"closed","template":"","meta":{"_et_pb_use_builder":"on","_et_pb_old_content":"","_et_gb_content_width":"","footnotes":""},"class_list":["post-53","page","type-page","status-publish","hentry"],"_links":{"self":[{"href":"https:\/\/quellwasser-verlag.de\/index.php?rest_route=\/wp\/v2\/pages\/53","targetHints":{"allow":["GET"]}}],"collection":[{"href":"https:\/\/quellwasser-verlag.de\/index.php?rest_route=\/wp\/v2\/pages"}],"about":[{"href":"https:\/\/quellwasser-verlag.de\/index.php?rest_route=\/wp\/v2\/types\/page"}],"author":[{"embeddable":true,"href":"https:\/\/quellwasser-verlag.de\/index.php?rest_route=\/wp\/v2\/users\/1"}],"replies":[{"embeddable":true,"href":"https:\/\/quellwasser-verlag.de\/index.php?rest_route=%2Fwp%2Fv2%2Fcomments&post=53"}],"version-history":[{"count":29,"href":"https:\/\/quellwasser-verlag.de\/index.php?rest_route=\/wp\/v2\/pages\/53\/revisions"}],"predecessor-version":[{"id":160,"href":"https:\/\/quellwasser-verlag.de\/index.php?rest_route=\/wp\/v2\/pages\/53\/revisions\/160"}],"wp:attachment":[{"href":"https:\/\/quellwasser-verlag.de\/index.php?rest_route=%2Fwp%2Fv2%2Fmedia&parent=53"}],"curies":[{"name":"wp","href":"https:\/\/api.w.org\/{rel}","templated":true}]}}